{"id":5424,"date":"2023-04-04T22:54:29","date_gmt":"2023-04-04T20:54:29","guid":{"rendered":"https:\/\/www.amateurphoto.fr\/pvcc\/?page_id=5424"},"modified":"2023-12-04T23:24:45","modified_gmt":"2023-12-04T22:24:45","slug":"lactualite","status":"publish","type":"page","link":"https:\/\/www.amateurphoto.fr\/pvcc\/lactualite\/","title":{"rendered":"L&rsquo;actualit\u00e9"},"content":{"rendered":"<!--themify_builder_content-->\n<div id=\"themify_builder_content-5424\" data-postid=\"5424\" class=\"themify_builder_content themify_builder_content-5424 themify_builder tf_clear\">\n                    <div  data-lazy=\"1\" class=\"module_row themify_builder_row tb_8mkq822 tb_first tf_w\">\n                        <div class=\"row_inner col_align_top tb_col_count_3 tf_box tf_rel\">\n                        <div  data-lazy=\"1\" class=\"module_column tb-column col3-1 tb_okdz822 first\">\n                    <!-- module image -->\n<div  class=\"module module-image tb_oey6376 image-top   tf_mw\" data-lazy=\"1\">\n        <div class=\"image-wrap tf_rel tf_mw\">\n            <img loading=\"lazy\" decoding=\"async\" src=\"http:\/\/www.amateurphoto.fr\/pvcc\/wp-content\/uploads\/2023\/12\/Faune-de-lOise-Florent-Perville.jpg\" width=\"517\" height=\"640\" title=\"Faune de l&#039;Oise-Expo chez Hutin\" alt=\"Faune de l&#039;Oise-Expo chez Hutin\">    \n        <\/div>\n    <!-- \/image-wrap -->\n    \n        <div class=\"image-content\">\n                    <h3 class=\"image-title\">\n                                    Faune de l'Oise-Expo chez Hutin                            <\/h3>\n                    <\/div>\n    <!-- \/image-content -->\n        <\/div>\n<!-- \/module image --><!-- module text -->\n<div  class=\"module module-text tb_miki293   \" data-lazy=\"1\">\n        <div  class=\"tb_text_wrap\">\n        <p>Du 28 novembre au 5 janvier 2024<\/p>\n<p>La Photo Hutin a le plaisir d&rsquo;accueillir la tr\u00e8s belle expo de Florent Pervill\u00e9 \u00ab\u00a0FAUNE DE L&rsquo;OISE\u00a0\u00bb<\/p>    <\/div>\n<\/div>\n<!-- \/module text --><!-- module divider -->\n<div  class=\"module tf_mw module-divider tb_292q194 solid   \" style=\"border-width: 2px;border-color: #000;\" data-lazy=\"1\">\n    <\/div>\n<!-- \/module divider -->\n<!-- module image -->\n<div  class=\"module module-image tb_nmro834 image-top   tf_mw\" data-lazy=\"1\">\n        <div class=\"image-wrap tf_rel tf_mw\">\n            <a href=\"https:\/\/spr-photo.fr\/index.html\">\n                   <img loading=\"lazy\" decoding=\"async\" src=\"http:\/\/www.amateurphoto.fr\/pvcc\/wp-content\/uploads\/2023\/11\/Riedisheim-2024.png\" width=\"457\" height=\"652\" title=\"L&rsquo;actualit\u00e9\" alt=\"L&rsquo;actualit\u00e9\">        <\/a>\n    \n        <\/div>\n    <!-- \/image-wrap -->\n    \n        <\/div>\n<!-- \/module image --><!-- module text -->\n<div  class=\"module module-text tb_zzb5458  repeat \" data-lazy=\"1\">\n        <div  class=\"tb_text_wrap\">\n        <div class=\"imTALeft\"><span class=\"fs20lh1-5 ff1\"><span class=\"cf1\">Si vous d\u00e9sirez participer \u00e0 la 37<sup>e<\/sup><\/span><\/span><span class=\"fs20lh1-5 cf1 ff1\"> \u00e9dition \/ 2024 du concours de Riedisheim, cliquez sur l&rsquo;image ci-dessus et lisez attentivement le r\u00e8glement.<\/span><\/div>\n<div class=\"imTALeft\"><span class=\"fs20lh1-5 ff1\"><span class=\"cf1\">Date limite de participation : 07 janvier 2024, minuit.<\/span><\/span><\/div>    <\/div>\n<\/div>\n<!-- \/module text --><!-- module divider -->\n<div  class=\"module tf_mw module-divider tb_oj5g107 solid   \" style=\"border-width: 2px;border-color: #000;\" data-lazy=\"1\">\n    <\/div>\n<!-- \/module divider -->\n<!-- module image -->\n<div  class=\"module module-image tb_nh8c995 image-top   tf_mw\" data-lazy=\"1\">\n        <div class=\"image-wrap tf_rel tf_mw\">\n            <a href=\"https:\/\/www.visitczechrepublic.com\/fr-FR\/bfd9454a-910f-40ea-98f4-c375c71887ca\/article\/n-prague-30-years-unesco\" rel=\"noopener\" target=\"_blank\">\n                   <img loading=\"lazy\" decoding=\"async\" src=\"http:\/\/www.amateurphoto.fr\/pvcc\/wp-content\/uploads\/2023\/11\/1.jpg\" width=\"800\" height=\"1200\" title=\"L&rsquo;actualit\u00e9\" alt=\"L&rsquo;actualit\u00e9\">        <\/a>\n    \n        <\/div>\n    <!-- \/image-wrap -->\n    \n        <\/div>\n<!-- \/module image --><!-- module text -->\n<div  class=\"module module-text tb_2czv60   \" data-lazy=\"1\">\n        <div  class=\"tb_text_wrap\">\n        <h3 class=\"date\" style=\"text-align: center;\">Du 11 au 19 novembre 2023<br>Photo\u2019sph\u00e8re<\/h3>\n<div class=\"description\">\n<p>Une premi\u00e8re photographique \u00e0 l\u2019ouest d\u2019Amiens<br>Ce ne sont pas moins de 5 clubs qui vont exposer aux c\u00f4t\u00e9s de Photosomme.<br>Cependant, ce ne sera pas une simple expo photo comme on a l\u2019habitude d\u2019en voir mais un v\u00e9ritable \u00e9v\u00e9nement photographique.<br>Les visiteurs auront le loisir de prendre des photos aux c\u00f4t\u00e9s de mod\u00e8les costum\u00e9s pour l\u2019occasion.<br>Diff\u00e9rents styles sont attendus comme le Steampunk, le style Fantasy ou encore des costumes d\u2019\u00e9poque 1900 lors des deux week-ends.<br>Une d\u00e9ambulation des mod\u00e8les costum\u00e9s parmi le public est pr\u00e9vue les samedis et dimanches \u00e0 15\u2009h.<\/p>\n<\/div>    <\/div>\n<\/div>\n<!-- \/module text --><!-- module divider -->\n<div  class=\"module tf_mw module-divider tb_9i4f942 solid   \" style=\"border-width: 2px;border-color: #000;\" data-lazy=\"1\">\n    <\/div>\n<!-- \/module divider -->\n<!-- module image -->\n<div  class=\"module module-image tb_3ega197 image-top   tf_mw\" data-lazy=\"1\">\n        <div class=\"image-wrap tf_rel tf_mw\">\n            <a href=\"https:\/\/amateurphotographer.com\/latest\/photo-news\/wildlife-photographer-of-the-year-see-the-amazing-winners\/\" rel=\"noopener\" target=\"_blank\">\n                   <img loading=\"lazy\" decoding=\"async\" src=\"http:\/\/www.amateurphoto.fr\/pvcc\/wp-content\/uploads\/2023\/11\/Laurent-Ballesta.jpg\" width=\"895\" height=\"592\" title=\"Wildlife Photographer of the Year\" alt=\"Wildlife Photographer of the Year\">        <\/a>\n    \n        <\/div>\n    <!-- \/image-wrap -->\n    \n        <div class=\"image-content\">\n                    <h3 class=\"image-title\">\n                                    <a href=\"https:\/\/amateurphotographer.com\/latest\/photo-news\/wildlife-photographer-of-the-year-see-the-amazing-winners\/\" rel=\"noopener\" target=\"_blank\">\n                        Wildlife Photographer of the Year                    <\/a>\n                            <\/h3>\n                    <\/div>\n    <!-- \/image-content -->\n        <\/div>\n<!-- \/module image --><!-- module text -->\n<div  class=\"module module-text tb_uxk0448   \" data-lazy=\"1\">\n        <div  class=\"tb_text_wrap\">\n        <p>Laurent Ballesta remporte pour la deuxi\u00e8me fois le concours Wildlife Photograper avec la photo du Limule. Cliquez pour voir les autres photo<\/p>    <\/div>\n<\/div>\n<!-- \/module text --><!-- module divider -->\n<div  class=\"module tf_mw module-divider tb_n2fo430 solid   \" style=\"border-width: 2px;border-color: #000;\" data-lazy=\"1\">\n    <\/div>\n<!-- \/module divider -->\n        <\/div>\n                    <div  data-lazy=\"1\" class=\"module_column tb-column col3-1 tb_fx7v74\">\n                    <!-- module image -->\n<div  class=\"module module-image tb_sdl1128 image-top   tf_mw\" data-lazy=\"1\">\n        <div class=\"image-wrap tf_rel tf_mw\">\n            <a href=\"https:\/\/www.amateurphoto.fr\/pvcc\/jugement-grand-prix-dauteur-fpf\/\">\n                   <img loading=\"lazy\" decoding=\"async\" src=\"http:\/\/www.amateurphoto.fr\/pvcc\/wp-content\/uploads\/2023\/05\/Les-sables-du-temps-Anne-Marie-Etienne.jpg\" width=\"378\" height=\"322\" title=\"GPA 2022 Les sables du temps, Anne-Marie Etienne\" alt=\"GPA 2022 Les sables du temps, Anne-Marie Etienne\">        <\/a>\n    \n        <\/div>\n    <!-- \/image-wrap -->\n    \n        <div class=\"image-content\">\n                    <h3 class=\"image-title\">\n                                    <a href=\"https:\/\/www.amateurphoto.fr\/pvcc\/jugement-grand-prix-dauteur-fpf\/\">\n                        GPA 2022 Les sables du temps, Anne-Marie Etienne                    <\/a>\n                            <\/h3>\n                    <\/div>\n    <!-- \/image-content -->\n        <\/div>\n<!-- \/module image --><!-- module text -->\n<div  class=\"module module-text tb_6ak7313   \" data-lazy=\"1\">\n        <div  class=\"tb_text_wrap\">\n        <p>Le club PVCC de Compi\u00e8gne organise dans les Salles Saint-Nicolas, <a href=\"https:\/\/www.amateurphoto.fr\/pvcc\/jugement-grand-prix-dauteur-fpf\/\">le prochain jugement \u00ab\u00a0Grand Prix d&rsquo;Auteur\u00a0\u00bb et \u00ab\u00a0Grand Prix de la Cr\u00e9ativit\u00e9\u00a0\u00bb le 24 f\u00e9vrier 2024<\/a><\/p>    <\/div>\n<\/div>\n<!-- \/module text --><!-- module divider -->\n<div  class=\"module tf_mw module-divider tb_7lt8978 solid   \" style=\"border-width: 2px;border-color: #000;\" data-lazy=\"1\">\n    <\/div>\n<!-- \/module divider -->\n<!-- module image -->\n<div  class=\"module module-image tb_3afj23 image-top   tf_mw\" data-lazy=\"1\">\n        <div class=\"image-wrap tf_rel tf_mw\">\n            <a href=\"https:\/\/www.expo4art.fr\/wp-content\/uploads\/2023\/11\/Expo4Art-neutre-Dpresse.pdf\" rel=\"noopener\" target=\"_blank\">\n                   <img loading=\"lazy\" decoding=\"async\" src=\"http:\/\/www.amateurphoto.fr\/pvcc\/wp-content\/uploads\/2023\/12\/Sophie-Duchaine.jpg\" width=\"619\" height=\"628\" title=\"L&rsquo;actualit\u00e9\" alt=\"L&rsquo;actualit\u00e9\">        <\/a>\n    \n        <\/div>\n    <!-- \/image-wrap -->\n    \n        <\/div>\n<!-- \/module image --><!-- module text -->\n<div  class=\"module module-text tb_ypi1743   \" data-lazy=\"1\">\n        <div  class=\"tb_text_wrap\">\n        <p>Le salon Expo4Art revient pour une nouvelle \u00e9dition, du 15 au 17 d\u00e9cembre 2023, \u00e0 la Halle des Blancs Manteaux. C&rsquo;est l&rsquo;\u00e9v\u00e9nement id\u00e9al pour d\u00e9couvrir les nouveaux talents du monde de l&rsquo;art. N&rsquo;h\u00e9sitez plus : c&rsquo;est gratuit !<\/p>\n<h3>Une artiste de Compi\u00e8gne, Sophie Duchaine, expose ses \u0153uvres \u00e0 base de cire d&rsquo;abeille.<\/h3>\n<p>\u00ab\u00a0Bee or not to Bee\u00a0\u00bb est n\u00e9e du d\u00e9sir d&rsquo;allier ma d\u00e9marche artistique \u00e0 une vraie philosophie de vie. C&rsquo;est pourquoi je cr\u00e9e ma peinture moi-m\u00eame \u00e0 base de cire d&rsquo;abeille issues de mes ruches,&nbsp;&nbsp;de r\u00e9sine et pigments naturels.<\/p>\n<p>Cette peinture apporte une transparence, une luminosit\u00e9 des couleurs et un relief uniques.<\/p>    <\/div>\n<\/div>\n<!-- \/module text --><!-- module divider -->\n<div  class=\"module tf_mw module-divider tb_wmbr775 solid   \" style=\"border-width: 2px;border-color: #000;\" data-lazy=\"1\">\n    <\/div>\n<!-- \/module divider -->\n<!-- module text -->\n<div  class=\"module module-text tb_m57q811   \" data-lazy=\"1\">\n        <div  class=\"tb_text_wrap\">\n        <h3>A la BNF Fran\u00e7ois Mitterrand<\/h3>    <\/div>\n<\/div>\n<!-- \/module text --><!-- module image -->\n<div  class=\"module module-image tb_0ryz102 image-top   tf_mw\" data-lazy=\"1\">\n        <div class=\"image-wrap tf_rel tf_mw\">\n            <a href=\"https:\/\/www.9lives-magazine.com\/events\/epreuves-de-la-matiere\/\" rel=\"noopener\" target=\"_blank\">\n                   <img loading=\"lazy\" decoding=\"async\" src=\"http:\/\/www.amateurphoto.fr\/pvcc\/wp-content\/uploads\/2023\/11\/BNF-Matiere.jpg\" width=\"651\" height=\"157\" title=\"Epreuves de la Mati\u00e8re\" alt=\"Epreuves de la Mati\u00e8re\">        <\/a>\n    \n        <\/div>\n    <!-- \/image-wrap -->\n    \n        <div class=\"image-content\">\n                    <h3 class=\"image-title\">\n                                    <a href=\"https:\/\/www.9lives-magazine.com\/events\/epreuves-de-la-matiere\/\" rel=\"noopener\" target=\"_blank\">\n                        Epreuves de la Mati\u00e8re                    <\/a>\n                            <\/h3>\n                    <\/div>\n    <!-- \/image-content -->\n        <\/div>\n<!-- \/module image --><!-- module text -->\n<div  class=\"module module-text tb_ynpx516   \" data-lazy=\"1\">\n        <div  class=\"tb_text_wrap\">\n        <p>Travers\u00e9 par de multiples explorations plastiques, le questionnement autour de la mati\u00e8re irrigue tous les champs de la photographie<\/p>    <\/div>\n<\/div>\n<!-- \/module text --><!-- module image -->\n<div  class=\"module module-image tb_ibd4227 image-top   tf_mw\" data-lazy=\"1\">\n        <div class=\"image-wrap tf_rel tf_mw\">\n            <a href=\"https:\/\/www.9lives-magazine.com\/events\/noir-blanc-une-esthetique-de-la-photographie\/\" rel=\"noopener\" target=\"_blank\">\n                   <img loading=\"lazy\" decoding=\"async\" src=\"http:\/\/www.amateurphoto.fr\/pvcc\/wp-content\/uploads\/2023\/11\/BNFNB.jpg\" width=\"654\" height=\"210\" title=\"N&amp;B : Une esth\u00e9tique de la photographie\" alt=\"N&amp;B : Une esth\u00e9tique de la photographie\">        <\/a>\n    \n        <\/div>\n    <!-- \/image-wrap -->\n    \n        <div class=\"image-content\">\n                    <h3 class=\"image-title\">\n                                    <a href=\"https:\/\/www.9lives-magazine.com\/events\/noir-blanc-une-esthetique-de-la-photographie\/\" rel=\"noopener\" target=\"_blank\">\n                        N&B : Une esth\u00e9tique de la photographie                    <\/a>\n                            <\/h3>\n                    <\/div>\n    <!-- \/image-content -->\n        <\/div>\n<!-- \/module image --><!-- module text -->\n<div  class=\"module module-text tb_9ry1281   \" data-lazy=\"1\">\n        <div  class=\"tb_text_wrap\">\n        <p>Travers\u00e9 par de multiples explorations plastiques, le questionnement autour de la mati\u00e8re irrigue tous les champs de la photographie<\/p>    <\/div>\n<\/div>\n<!-- \/module text --><!-- module divider -->\n<div  class=\"module tf_mw module-divider tb_jbcj464 solid   \" style=\"border-width: 2px;border-color: #000;\" data-lazy=\"1\">\n    <\/div>\n<!-- \/module divider -->\n<!-- module image -->\n<div  class=\"module module-image tb_x3wp646 image-top   tf_mw\" data-lazy=\"1\">\n        <div class=\"image-wrap tf_rel tf_mw\">\n            <a href=\"https:\/\/support.dxo.com\/hc\/fr\/articles\/4425780764561-Ai-je-besoin-de-DxO-PureRAW-si-je-poss%C3%A8de-d%C3%A9j%C3%A0-DxO-PhotoLab-Quelles-sont-les-diff%C3%A9rences-\" rel=\"noopener\" target=\"_blank\">\n                   <img loading=\"lazy\" decoding=\"async\" src=\"http:\/\/www.amateurphoto.fr\/pvcc\/wp-content\/uploads\/2023\/04\/PhotoLab6.jpg\" width=\"437\" height=\"437\" title=\"L&rsquo;actualit\u00e9\" alt=\"L&rsquo;actualit\u00e9\">        <\/a>\n    \n        <\/div>\n    <!-- \/image-wrap -->\n    \n        <\/div>\n<!-- \/module image --><!-- module text -->\n<div  class=\"module module-text tb_625s251   \" data-lazy=\"1\">\n        <div  class=\"tb_text_wrap\">\n        <h3>Question souvent pos\u00e9e :<\/h3>\n<p class=\"article-title\">Ai-je besoin de DxO PureRAW si je poss\u00e8de d\u00e9j\u00e0 DxO PhotoLab ? Quelles sont les diff\u00e9rences ?<br>Voir la r\u00e9ponse de DXO en cliquant sur l&rsquo;image, la r\u00e9ponse est non si vous disposez de DXO Photolab Elite, cette version dispose des m\u00eames fonctionnalit\u00e9s.<\/p>    <\/div>\n<\/div>\n<!-- \/module text -->        <\/div>\n                    <div  data-lazy=\"1\" class=\"module_column tb-column col3-1 tb_caep188 last\">\n                    <!-- module image -->\n<div  class=\"module module-image tb_4iwf264 image-top   tf_mw\" data-lazy=\"1\">\n        <div class=\"image-wrap tf_rel tf_mw\">\n            <a href=\"https:\/\/orcaproduction.ch\/film\/ma-vie-est-un-defi\/\" rel=\"noopener\" target=\"_blank\">\n                   <img loading=\"lazy\" decoding=\"async\" src=\"http:\/\/www.amateurphoto.fr\/pvcc\/wp-content\/uploads\/2023\/11\/Berck-CV-2023.jpg\" width=\"800\" height=\"1131\" title=\"L&rsquo;actualit\u00e9\" alt=\"L&rsquo;actualit\u00e9\">        <\/a>\n    \n        <\/div>\n    <!-- \/image-wrap -->\n    \n        <\/div>\n<!-- \/module image --><!-- module text -->\n<div  class=\"module module-text tb_gxrr190   \" data-lazy=\"1\">\n        <div  class=\"tb_text_wrap\">\n        <h2 style=\"text-align: center;\"><strong><a href=\"https:\/\/orcaproduction.ch\/film\/ma-vie-est-un-defi\/\" target=\"_blank\" rel=\"noopener\">1000 km<\/a> pour d\u00e9fier le parkinson<\/strong><\/h2>\n<p>Le Parkinson est la deuxi\u00e8me maladie neuro-d\u00e9g\u00e9n\u00e9rative la plus r\u00e9pandue au monde. Malgr\u00e9 cela, on ne parle pas beaucoup de cette maladie qui touche de plus en plus la jeune g\u00e9n\u00e9ration.<\/p>    <\/div>\n<\/div>\n<!-- \/module text --><!-- module divider -->\n<div  class=\"module tf_mw module-divider tb_e02v580 solid   \" style=\"border-width: 2px;border-color: #000;\" data-lazy=\"1\">\n    <\/div>\n<!-- \/module divider -->\n<!-- module image -->\n<div  class=\"module module-image tb_s8rh564 image-top   tf_mw\" data-lazy=\"1\">\n        <div class=\"image-wrap tf_rel tf_mw\">\n            <img loading=\"lazy\" decoding=\"async\" src=\"http:\/\/www.amateurphoto.fr\/pvcc\/wp-content\/uploads\/2023\/11\/Cheval-Hutin.jpg\" width=\"600\" height=\"427\" title=\"L&rsquo;actualit\u00e9\" alt=\"L&rsquo;actualit\u00e9\">    \n        <\/div>\n    <!-- \/image-wrap -->\n    \n        <\/div>\n<!-- \/module image --><!-- module text -->\n<div  class=\"module module-text tb_vorm410   \" data-lazy=\"1\">\n        <div  class=\"tb_text_wrap\">\n        <p><span style=\"font-size: 16px;\"><strong>Michel B\u00e9nichou, Alain Cordina et Jean-Luc Granvallet exposent chez Hutin<br><\/strong><\/span>C&rsquo;est jusqu&rsquo;au 25 novembre, expo \u00e0 d\u00e9couvrir sur le cheval<\/p>    <\/div>\n<\/div>\n<!-- \/module text --><!-- module divider -->\n<div  class=\"module tf_mw module-divider tb_vrud186 solid   \" style=\"border-width: 2px;border-color: #000;\" data-lazy=\"1\">\n    <\/div>\n<!-- \/module divider -->\n<!-- module image -->\n<div  class=\"module module-image tb_5op7648 image-top   tf_mw\" data-lazy=\"1\">\n        <div class=\"image-wrap tf_rel tf_mw\">\n            <img loading=\"lazy\" decoding=\"async\" src=\"http:\/\/www.amateurphoto.fr\/pvcc\/wp-content\/uploads\/2023\/11\/Gisors-UR-19.webp\" width=\"1080\" height=\"1080\" title=\"L&rsquo;actualit\u00e9\" alt=\"L&rsquo;actualit\u00e9\">    \n        <\/div>\n    <!-- \/image-wrap -->\n    \n        <\/div>\n<!-- \/module image --><!-- module text -->\n<div  class=\"module module-text tb_ow1j950   \" data-lazy=\"1\">\n        <div  class=\"tb_text_wrap\">\n        <p>Du 16 au 19 novembre, vernissage le 17 novembre \u00e0 19h \u00e0 Gisors(27), salle polyvalente, rue du Faubourg de Neaufles<\/p>\n<p>Salon inter-r\u00e9gional o\u00f9 se r\u00e9unissent les meilleurs auteurs de la Normandie, Picardie et Nord d\u2019Ile de France (soit UR02, UR15 et UR19)<\/p>\n<p>Cette ann\u00e9e, ce sont 36 auteurs qui viennent exposer, soit quasiment autant que dans les \u00e9ditions pr\u00e9c\u00e9dentes, avec plus de 350 photos pr\u00e9sent\u00e9es. Et comme d\u2019habitude, d\u2019excellentes signatures r\u00e9gionales, nationales et des surprises de niveau mondial.<\/p>    <\/div>\n<\/div>\n<!-- \/module text --><!-- module divider -->\n<div  class=\"module tf_mw module-divider tb_dghv330 solid   \" style=\"border-width: 2px;border-color: #000;\" data-lazy=\"1\">\n    <\/div>\n<!-- \/module divider -->\n<!-- module image -->\n<div  class=\"module module-image tb_vro8573 image-top   tf_mw\" data-lazy=\"1\">\n        <div class=\"image-wrap tf_rel tf_mw\">\n            <a href=\"https:\/\/www.crp.photo\/\" rel=\"noopener\" target=\"_blank\">\n                   <img loading=\"lazy\" decoding=\"async\" src=\"http:\/\/www.amateurphoto.fr\/pvcc\/wp-content\/uploads\/2023\/04\/CRP-Photos-Vincent-Everarts-002_web.jpg\" width=\"1600\" height=\"1068\" title=\"L&rsquo;actualit\u00e9\" alt=\"L&rsquo;actualit\u00e9\">        <\/a>\n    \n        <\/div>\n    <!-- \/image-wrap -->\n    \n        <\/div>\n<!-- \/module image --><!-- module text -->\n<div  class=\"module module-text tb_f7pc73   \" data-lazy=\"1\">\n        <div  class=\"tb_text_wrap\">\n        <p>Un centre d\u2019art contemporain au c\u0153ur du bassin minier, dot\u00e9 d\u2019une collection de photographies exceptionnelle.<br><a href=\"https:\/\/www.crp.photo\/\" target=\"_blank\" rel=\"noopener\">Le CRP\/ Centre r\u00e9gional de la photographie<\/a> Hauts-de-France, bas\u00e9 \u00e0 Douchy-les-Mines, d\u00e9veloppe des missions de centre d\u2019art dans le champ de la photographie et de l\u2019image contemporaine.<\/p>    <\/div>\n<\/div>\n<!-- \/module text -->        <\/div>\n                        <\/div>\n        <\/div>\n        <\/div>\n<!--\/themify_builder_content-->","protected":false},"excerpt":{"rendered":"<p>Lightroom Classic Version 12.3 Une nouveaut\u00e9 importante concerne la r\u00e9duction du bruit. La fonction Am\u00e9liorer utilise l&rsquo;IA pour am\u00e9liorer la qualit\u00e9 des images RAW. Le r\u00e9sultat est enregistr\u00e9 dans un nouveau fichier avec l&rsquo;extension DNG. Cette fonctionnalit\u00e9 demande beaucoup de ressource syst\u00e8me. France Higu\u00e8res expose sa cr\u00e9ation : Color&nbsp;Aqua&nbsp;Florem&nbsp;chez Hutin du 22 avril au 26 &hellip; <a href=\"https:\/\/www.amateurphoto.fr\/pvcc\/lactualite\/\" class=\"more-link\">Continuer la lecture<span class=\"screen-reader-text\"> de &laquo;&nbsp;L&rsquo;actualit\u00e9&nbsp;&raquo;<\/span><\/a><\/p>\n","protected":false},"author":1,"featured_media":5340,"parent":0,"menu_order":0,"comment_status":"closed","ping_status":"closed","template":"bt-no-sidebar-boxed.php","meta":{"ngg_post_thumbnail":0,"_vp_format_video_url":"","_vp_image_focal_point":[],"footnotes":""},"class_list":["post-5424","page","type-page","status-publish","has-post-thumbnail","hentry"],"aioseo_notices":[],"builder_content":"<img src=\"http:\/\/www.amateurphoto.fr\/pvcc\/wp-content\/uploads\/2023\/12\/Faune-de-lOise-Florent-Perville.jpg\" width=\"517\" height=\"640\" title=\"Faune de l&#039;Oise-Expo chez Hutin\" alt=\"Faune de l&#039;Oise-Expo chez Hutin\"> <h3> Faune de l'Oise-Expo chez Hutin <\/h3>\n<p>Du 28 novembre au 5 janvier 2024<\/p> <p>La Photo Hutin a le plaisir d'accueillir la tr\u00e8s belle expo de Florent Pervill\u00e9 \"FAUNE DE L'OISE\"<\/p>\n\n<a href=\"https:\/\/spr-photo.fr\/index.html\"> <img src=\"http:\/\/www.amateurphoto.fr\/pvcc\/wp-content\/uploads\/2023\/11\/Riedisheim-2024.png\" width=\"457\" height=\"652\" title=\"L&rsquo;actualit\u00e9\" alt=\"L&rsquo;actualit\u00e9\"> <\/a>\nSi vous d\u00e9sirez participer \u00e0 la 37<sup>e<\/sup> \u00e9dition \/ 2024 du concours de Riedisheim, cliquez sur l'image ci-dessus et lisez attentivement le r\u00e8glement. Date limite de participation : 07 janvier 2024, minuit.\n\n<a href=\"https:\/\/www.visitczechrepublic.com\/fr-FR\/bfd9454a-910f-40ea-98f4-c375c71887ca\/article\/n-prague-30-years-unesco\" rel=\"noopener\" target=\"_blank\"> <img src=\"http:\/\/www.amateurphoto.fr\/pvcc\/wp-content\/uploads\/2023\/11\/1.jpg\" width=\"800\" height=\"1200\" title=\"L&rsquo;actualit\u00e9\" alt=\"L&rsquo;actualit\u00e9\"> <\/a>\n<h3 style=\"text-align: center;\">Du 11 au 19 novembre 2023<br>Photo\u2019sph\u00e8re<\/h3>\n<p>Une premi\u00e8re photographique \u00e0 l\u2019ouest d\u2019Amiens<br>Ce ne sont pas moins de 5 clubs qui vont exposer aux c\u00f4t\u00e9s de Photosomme.<br>Cependant, ce ne sera pas une simple expo photo comme on a l\u2019habitude d\u2019en voir mais un v\u00e9ritable \u00e9v\u00e9nement photographique.<br>Les visiteurs auront le loisir de prendre des photos aux c\u00f4t\u00e9s de mod\u00e8les costum\u00e9s pour l\u2019occasion.<br>Diff\u00e9rents styles sont attendus comme le Steampunk, le style Fantasy ou encore des costumes d\u2019\u00e9poque 1900 lors des deux week-ends.<br>Une d\u00e9ambulation des mod\u00e8les costum\u00e9s parmi le public est pr\u00e9vue les samedis et dimanches \u00e0 15\u2009h.<\/p>\n\n<a href=\"https:\/\/amateurphotographer.com\/latest\/photo-news\/wildlife-photographer-of-the-year-see-the-amazing-winners\/\" rel=\"noopener\" target=\"_blank\"> <img src=\"http:\/\/www.amateurphoto.fr\/pvcc\/wp-content\/uploads\/2023\/11\/Laurent-Ballesta.jpg\" width=\"895\" height=\"592\" title=\"Wildlife Photographer of the Year\" alt=\"Wildlife Photographer of the Year\"> <\/a> <h3> <a href=\"https:\/\/amateurphotographer.com\/latest\/photo-news\/wildlife-photographer-of-the-year-see-the-amazing-winners\/\" rel=\"noopener\" target=\"_blank\"> Wildlife Photographer of the Year <\/a> <\/h3>\n<p>Laurent Ballesta remporte pour la deuxi\u00e8me fois le concours Wildlife Photograper avec la photo du Limule. Cliquez pour voir les autres photo<\/p>\n\n<a href=\"https:\/\/www.amateurphoto.fr\/pvcc\/jugement-grand-prix-dauteur-fpf\/\"> <img src=\"http:\/\/www.amateurphoto.fr\/pvcc\/wp-content\/uploads\/2023\/05\/Les-sables-du-temps-Anne-Marie-Etienne.jpg\" width=\"378\" height=\"322\" title=\"GPA 2022 Les sables du temps, Anne-Marie Etienne\" alt=\"GPA 2022 Les sables du temps, Anne-Marie Etienne\"> <\/a> <h3> <a href=\"https:\/\/www.amateurphoto.fr\/pvcc\/jugement-grand-prix-dauteur-fpf\/\"> GPA 2022 Les sables du temps, Anne-Marie Etienne <\/a> <\/h3>\n<p>Le club PVCC de Compi\u00e8gne organise dans les Salles Saint-Nicolas, <a href=\"https:\/\/www.amateurphoto.fr\/pvcc\/jugement-grand-prix-dauteur-fpf\/\">le prochain jugement \"Grand Prix d'Auteur\" et \"Grand Prix de la Cr\u00e9ativit\u00e9\" le 24 f\u00e9vrier 2024<\/a><\/p>\n\n<a href=\"https:\/\/www.expo4art.fr\/wp-content\/uploads\/2023\/11\/Expo4Art-neutre-Dpresse.pdf\" rel=\"noopener\" target=\"_blank\"> <img src=\"http:\/\/www.amateurphoto.fr\/pvcc\/wp-content\/uploads\/2023\/12\/Sophie-Duchaine.jpg\" width=\"619\" height=\"628\" title=\"L&rsquo;actualit\u00e9\" alt=\"L&rsquo;actualit\u00e9\"> <\/a>\n<p>Le salon Expo4Art revient pour une nouvelle \u00e9dition, du 15 au 17 d\u00e9cembre 2023, \u00e0 la Halle des Blancs Manteaux. C'est l'\u00e9v\u00e9nement id\u00e9al pour d\u00e9couvrir les nouveaux talents du monde de l'art. N'h\u00e9sitez plus : c'est gratuit !<\/p> <h3>Une artiste de Compi\u00e8gne, Sophie Duchaine, expose ses \u0153uvres \u00e0 base de cire d'abeille.<\/h3> <p>\"Bee or not to Bee\" est n\u00e9e du d\u00e9sir d'allier ma d\u00e9marche artistique \u00e0 une vraie philosophie de vie. C'est pourquoi je cr\u00e9e ma peinture moi-m\u00eame \u00e0 base de cire d'abeille issues de mes ruches,&nbsp;&nbsp;de r\u00e9sine et pigments naturels.<\/p> <p>Cette peinture apporte une transparence, une luminosit\u00e9 des couleurs et un relief uniques.<\/p>\n\n<h3>A la BNF Fran\u00e7ois Mitterrand<\/h3>\n<a href=\"https:\/\/www.9lives-magazine.com\/events\/epreuves-de-la-matiere\/\" rel=\"noopener\" target=\"_blank\"> <img src=\"http:\/\/www.amateurphoto.fr\/pvcc\/wp-content\/uploads\/2023\/11\/BNF-Matiere.jpg\" width=\"651\" height=\"157\" title=\"Epreuves de la Mati\u00e8re\" alt=\"Epreuves de la Mati\u00e8re\"> <\/a> <h3> <a href=\"https:\/\/www.9lives-magazine.com\/events\/epreuves-de-la-matiere\/\" rel=\"noopener\" target=\"_blank\"> Epreuves de la Mati\u00e8re <\/a> <\/h3>\n<p>Travers\u00e9 par de multiples explorations plastiques, le questionnement autour de la mati\u00e8re irrigue tous les champs de la photographie<\/p>\n<a href=\"https:\/\/www.9lives-magazine.com\/events\/noir-blanc-une-esthetique-de-la-photographie\/\" rel=\"noopener\" target=\"_blank\"> <img src=\"http:\/\/www.amateurphoto.fr\/pvcc\/wp-content\/uploads\/2023\/11\/BNFNB.jpg\" width=\"654\" height=\"210\" title=\"N&amp;B : Une esth\u00e9tique de la photographie\" alt=\"N&amp;B : Une esth\u00e9tique de la photographie\"> <\/a> <h3> <a href=\"https:\/\/www.9lives-magazine.com\/events\/noir-blanc-une-esthetique-de-la-photographie\/\" rel=\"noopener\" target=\"_blank\"> N&B : Une esth\u00e9tique de la photographie <\/a> <\/h3>\n<p>Travers\u00e9 par de multiples explorations plastiques, le questionnement autour de la mati\u00e8re irrigue tous les champs de la photographie<\/p>\n\n<a href=\"https:\/\/support.dxo.com\/hc\/fr\/articles\/4425780764561-Ai-je-besoin-de-DxO-PureRAW-si-je-poss%C3%A8de-d%C3%A9j%C3%A0-DxO-PhotoLab-Quelles-sont-les-diff%C3%A9rences-\" rel=\"noopener\" target=\"_blank\"> <img src=\"http:\/\/www.amateurphoto.fr\/pvcc\/wp-content\/uploads\/2023\/04\/PhotoLab6.jpg\" width=\"437\" height=\"437\" title=\"L&rsquo;actualit\u00e9\" alt=\"L&rsquo;actualit\u00e9\"> <\/a>\n<h3>Question souvent pos\u00e9e :<\/h3> <p>Ai-je besoin de DxO PureRAW si je poss\u00e8de d\u00e9j\u00e0 DxO PhotoLab ? Quelles sont les diff\u00e9rences ?<br>Voir la r\u00e9ponse de DXO en cliquant sur l'image, la r\u00e9ponse est non si vous disposez de DXO Photolab Elite, cette version dispose des m\u00eames fonctionnalit\u00e9s.<\/p>\n<a href=\"https:\/\/orcaproduction.ch\/film\/ma-vie-est-un-defi\/\" rel=\"noopener\" target=\"_blank\"> <img src=\"http:\/\/www.amateurphoto.fr\/pvcc\/wp-content\/uploads\/2023\/11\/Berck-CV-2023.jpg\" width=\"800\" height=\"1131\" title=\"L&rsquo;actualit\u00e9\" alt=\"L&rsquo;actualit\u00e9\"> <\/a>\n<h2 style=\"text-align: center;\"><strong><a href=\"https:\/\/orcaproduction.ch\/film\/ma-vie-est-un-defi\/\" target=\"_blank\" rel=\"noopener\">1000 km<\/a> pour d\u00e9fier le parkinson<\/strong><\/h2> <p>Le Parkinson est la deuxi\u00e8me maladie neuro-d\u00e9g\u00e9n\u00e9rative la plus r\u00e9pandue au monde. Malgr\u00e9 cela, on ne parle pas beaucoup de cette maladie qui touche de plus en plus la jeune g\u00e9n\u00e9ration.<\/p>\n\n<img src=\"http:\/\/www.amateurphoto.fr\/pvcc\/wp-content\/uploads\/2023\/11\/Cheval-Hutin.jpg\" width=\"600\" height=\"427\" title=\"L&rsquo;actualit\u00e9\" alt=\"L&rsquo;actualit\u00e9\">\n<p><strong>Michel B\u00e9nichou, Alain Cordina et Jean-Luc Granvallet exposent chez Hutin<br><\/strong>C'est jusqu'au 25 novembre, expo \u00e0 d\u00e9couvrir sur le cheval<\/p>\n\n<img src=\"http:\/\/www.amateurphoto.fr\/pvcc\/wp-content\/uploads\/2023\/11\/Gisors-UR-19.webp\" width=\"1080\" height=\"1080\" title=\"L&rsquo;actualit\u00e9\" alt=\"L&rsquo;actualit\u00e9\">\n<p>Du 16 au 19 novembre, vernissage le 17 novembre \u00e0 19h \u00e0 Gisors(27), salle polyvalente, rue du Faubourg de Neaufles<\/p> <p>Salon inter-r\u00e9gional o\u00f9 se r\u00e9unissent les meilleurs auteurs de la Normandie, Picardie et Nord d\u2019Ile de France (soit UR02, UR15 et UR19)<\/p> <p>Cette ann\u00e9e, ce sont 36 auteurs qui viennent exposer, soit quasiment autant que dans les \u00e9ditions pr\u00e9c\u00e9dentes, avec plus de 350 photos pr\u00e9sent\u00e9es. Et comme d\u2019habitude, d\u2019excellentes signatures r\u00e9gionales, nationales et des surprises de niveau mondial.<\/p>\n\n<a href=\"https:\/\/www.crp.photo\/\" rel=\"noopener\" target=\"_blank\"> <img src=\"http:\/\/www.amateurphoto.fr\/pvcc\/wp-content\/uploads\/2023\/04\/CRP-Photos-Vincent-Everarts-002_web.jpg\" width=\"1600\" height=\"1068\" title=\"L&rsquo;actualit\u00e9\" alt=\"L&rsquo;actualit\u00e9\"> <\/a>\n<p>Un centre d\u2019art contemporain au c\u0153ur du bassin minier, dot\u00e9 d\u2019une collection de photographies exceptionnelle.<br><a href=\"https:\/\/www.crp.photo\/\" target=\"_blank\" rel=\"noopener\">Le CRP\/ Centre r\u00e9gional de la photographie<\/a> Hauts-de-France, bas\u00e9 \u00e0 Douchy-les-Mines, d\u00e9veloppe des missions de centre d\u2019art dans le champ de la photographie et de l\u2019image contemporaine.<\/p>","_links":{"self":[{"href":"https:\/\/www.amateurphoto.fr\/pvcc\/wp-json\/wp\/v2\/pages\/5424","targetHints":{"allow":["GET"]}}],"collection":[{"href":"https:\/\/www.amateurphoto.fr\/pvcc\/wp-json\/wp\/v2\/pages"}],"about":[{"href":"https:\/\/www.amateurphoto.fr\/pvcc\/wp-json\/wp\/v2\/types\/page"}],"author":[{"embeddable":true,"href":"https:\/\/www.amateurphoto.fr\/pvcc\/wp-json\/wp\/v2\/users\/1"}],"replies":[{"embeddable":true,"href":"https:\/\/www.amateurphoto.fr\/pvcc\/wp-json\/wp\/v2\/comments?post=5424"}],"version-history":[{"count":99,"href":"https:\/\/www.amateurphoto.fr\/pvcc\/wp-json\/wp\/v2\/pages\/5424\/revisions"}],"predecessor-version":[{"id":7526,"href":"https:\/\/www.amateurphoto.fr\/pvcc\/wp-json\/wp\/v2\/pages\/5424\/revisions\/7526"}],"wp:featuredmedia":[{"embeddable":true,"href":"https:\/\/www.amateurphoto.fr\/pvcc\/wp-json\/wp\/v2\/media\/5340"}],"wp:attachment":[{"href":"https:\/\/www.amateurphoto.fr\/pvcc\/wp-json\/wp\/v2\/media?parent=5424"}],"curies":[{"name":"wp","href":"https:\/\/api.w.org\/{rel}","templated":true}]}}